{"id":2868,"date":"2025-03-25T18:55:26","date_gmt":"2025-03-25T18:55:26","guid":{"rendered":"https:\/\/radioiep.com\/site\/?page_id=2868"},"modified":"2025-04-16T14:51:53","modified_gmt":"2025-04-16T14:51:53","slug":"sobre-nos","status":"publish","type":"page","link":"https:\/\/radioiep.com\/site\/sobre-nos\/","title":{"rendered":"SOBRE N\u00d3S"},"content":{"rendered":"\t\t<div data-elementor-type=\"wp-page\" data-elementor-id=\"2868\" class=\"elementor elementor-2868\" data-elementor-post-type=\"page\">\n\t\t\t\t\t\t<section class=\"elementor-section elementor-top-section elementor-element elementor-element-52340b9a elementor-section-boxed elementor-section-height-default elementor-section-height-default\" data-id=\"52340b9a\" data-element_type=\"section\" data-settings=\"{&quot;background_background&quot;:&quot;classic&quot;}\">\n\t\t\t\t\t\t\t<div class=\"elementor-background-overlay\"><\/div>\n\t\t\t\t\t\t\t<div class=\"elementor-container elementor-column-gap-default\">\n\t\t\t\t\t<div class=\"elementor-column elementor-col-100 elementor-top-column elementor-element elementor-element-381b8d88\" data-id=\"381b8d88\" data-element_type=\"column\">\n\t\t\t<div class=\"elementor-widget-wrap elementor-element-populated\">\n\t\t\t\t\t\t<div class=\"elementor-element elementor-element-2e50d933 elementor-widget__width-auto elementor-invisible elementor-widget elementor-widget-image\" data-id=\"2e50d933\" data-element_type=\"widget\" data-settings=\"{&quot;_animation&quot;:&quot;rotateIn&quot;,&quot;_animation_delay&quot;:720}\" data-widget_type=\"image.default\">\n\t\t\t\t<div class=\"elementor-widget-container\">\n\t\t\t\t\t\t\t\t\t\t\t\t\t\t\t<img decoding=\"async\" width=\"189\" height=\"203\" src=\"https:\/\/radioiep.com\/site\/wp-content\/uploads\/2021\/05\/logo-simple.png\" class=\"attachment-full size-full wp-image-785\" alt=\"\" \/>\t\t\t\t\t\t\t\t\t\t\t\t\t\t\t<\/div>\n\t\t\t\t<\/div>\n\t\t\t\t<div class=\"elementor-element elementor-element-43cfc54b elementor-invisible elementor-widget elementor-widget-heading\" data-id=\"43cfc54b\" data-element_type=\"widget\" data-settings=\"{&quot;_animation&quot;:&quot;fadeInDown&quot;}\" data-widget_type=\"heading.default\">\n\t\t\t\t<div class=\"elementor-widget-container\">\n\t\t\t\t\t<h2 class=\"elementor-heading-title elementor-size-default\">SOBRE N\u00d3S<\/h2>\t\t\t\t<\/div>\n\t\t\t\t<\/div>\n\t\t\t\t<div class=\"elementor-element elementor-element-5423efd1 elementor-invisible elementor-widget elementor-widget-heading\" data-id=\"5423efd1\" data-element_type=\"widget\" data-settings=\"{&quot;_animation&quot;:&quot;fadeInUp&quot;}\" data-widget_type=\"heading.default\">\n\t\t\t\t<div class=\"elementor-widget-container\">\n\t\t\t\t\t<div class=\"elementor-heading-title elementor-size-default\">RIEP: Uma voz, milhares de culturas, uma s\u00f3 l\u00edngua!<\/div>\t\t\t\t<\/div>\n\t\t\t\t<\/div>\n\t\t\t\t\t<\/div>\n\t\t<\/div>\n\t\t\t\t\t<\/div>\n\t\t<\/section>\n\t\t\t\t<section class=\"elementor-section elementor-top-section elementor-element elementor-element-c766b29 elementor-reverse-tablet elementor-reverse-mobile elementor-section-full_width elementor-section-height-default elementor-section-height-default\" data-id=\"c766b29\" data-element_type=\"section\">\n\t\t\t\t\t\t<div class=\"elementor-container elementor-column-gap-default\">\n\t\t\t\t\t<div class=\"elementor-column elementor-col-50 elementor-top-column elementor-element elementor-element-376f7ea0\" data-id=\"376f7ea0\" data-element_type=\"column\">\n\t\t\t<div class=\"elementor-widget-wrap elementor-element-populated\">\n\t\t\t\t\t\t<div class=\"elementor-element elementor-element-27fb5819 elementor-widget elementor-widget-image\" data-id=\"27fb5819\" data-element_type=\"widget\" data-widget_type=\"image.default\">\n\t\t\t\t<div class=\"elementor-widget-container\">\n\t\t\t\t\t\t\t\t\t\t\t\t\t\t\t<img fetchpriority=\"high\" decoding=\"async\" width=\"1168\" height=\"880\" src=\"https:\/\/radioiep.com\/site\/wp-content\/uploads\/2025\/03\/ed0e2364-1338-4133-a038-720349d25b5e.png\" class=\"attachment-full size-full wp-image-2924\" alt=\"\" srcset=\"https:\/\/radioiep.com\/site\/wp-content\/uploads\/2025\/03\/ed0e2364-1338-4133-a038-720349d25b5e.png 1168w, https:\/\/radioiep.com\/site\/wp-content\/uploads\/2025\/03\/ed0e2364-1338-4133-a038-720349d25b5e-300x226.png 300w, https:\/\/radioiep.com\/site\/wp-content\/uploads\/2025\/03\/ed0e2364-1338-4133-a038-720349d25b5e-1024x772.png 1024w, https:\/\/radioiep.com\/site\/wp-content\/uploads\/2025\/03\/ed0e2364-1338-4133-a038-720349d25b5e-768x579.png 768w\" sizes=\"(max-width: 1168px) 100vw, 1168px\" \/>\t\t\t\t\t\t\t\t\t\t\t\t\t\t\t<\/div>\n\t\t\t\t<\/div>\n\t\t\t\t\t<\/div>\n\t\t<\/div>\n\t\t\t\t<div class=\"elementor-column elementor-col-50 elementor-top-column elementor-element elementor-element-44fb06ce\" data-id=\"44fb06ce\" data-element_type=\"column\">\n\t\t\t<div class=\"elementor-widget-wrap elementor-element-populated\">\n\t\t\t\t\t\t<div class=\"elementor-element elementor-element-6206c084 elementor-invisible elementor-widget elementor-widget-heading\" data-id=\"6206c084\" data-element_type=\"widget\" data-settings=\"{&quot;_animation&quot;:&quot;fadeInUp&quot;}\" data-widget_type=\"heading.default\">\n\t\t\t\t<div class=\"elementor-widget-container\">\n\t\t\t\t\t<h2 class=\"elementor-heading-title elementor-size-default\">Conhe\u00e7a um pouco mais sobre nosso trabalho<\/h2>\t\t\t\t<\/div>\n\t\t\t\t<\/div>\n\t\t\t\t<div class=\"elementor-element elementor-element-2a605213 elementor-widget-tablet__width-initial elementor-widget elementor-widget-text-editor\" data-id=\"2a605213\" data-element_type=\"widget\" data-widget_type=\"text-editor.default\">\n\t\t\t\t<div class=\"elementor-widget-container\">\n\t\t\t\t\t\t\t\t\t<p>A <strong>ASSOCIA\u00c7\u00c3O ARTE E CULTURA EM L\u00cdNGUA PORTUGUESA<\/strong>, tamb\u00e9m designada com nome fantasia <strong>RIEP\u00a0 RADIO INTERNACIONAL EM PORTUGU\u00caS<\/strong>, \u00e9 uma associa\u00e7\u00e3o, pessoa jur\u00eddica de direito privado, constitu\u00edda na forma de sociedade civil sem fins lucrativos, com dura\u00e7\u00e3o por tempo indeterminado, com autonomia administrativa e financeira, regida por Estatuto e pela legisla\u00e7\u00e3o que lhe for aplic\u00e1vel.<\/p><p><strong>A ASSOCIA\u00c7\u00c3O ARTE E CULTURA<\/strong><br \/><strong>EM L\u00cdNGUA PORTUGUESA<\/strong>, tem sede e foro na cidade de Mirabela, no Estado de Minas Gerais. Um projeto de interc\u00e2mbio cultural entre pa\u00edses de l\u00edngua portuguesa. A nossa inten\u00e7\u00e3o como \u00f3rg\u00e3o independente e filantr\u00f3pico \u00e9 estreitar os la\u00e7os entre os nossos povos, utilizando essa ferramenta poderosa que \u00e9 a linguagem.<\/p><p>Entendemos que por in\u00fameras raz\u00f5es, hist\u00f3ricas e culturais, temos algumas similaridades em termos de identidade, n\u00e3o s\u00f3 pelo fator humano, mas porque nossas identidades culturais andam entrela\u00e7adas fazendo com que haja uma empatia entre estas diversidades.<\/p><p>Com o alargamento em massa da internet, podemos tornar este toque entre os povos cada vez mais pr\u00f3ximo, permitindo que um grupo de m\u00fasicos de diversos pa\u00edses se sente numa mesa redonda e brindem em conjunto os ritmos de suas localidades. Essa sinergia \u00e9 poss\u00edvel estender-se em todos os campos das artes e da vida dos nossos povos.<\/p><p>R\u00e1dio Internacional em Portugu\u00eas, a r\u00e1dio que fala a l\u00edngua de todos os povos!<\/p>\t\t\t\t\t\t\t\t<\/div>\n\t\t\t\t<\/div>\n\t\t\t\t<div class=\"elementor-element elementor-element-786813a3 elementor-widget__width-initial elementor-widget elementor-widget-image-box\" data-id=\"786813a3\" data-element_type=\"widget\" data-widget_type=\"image-box.default\">\n\t\t\t\t<div class=\"elementor-widget-container\">\n\t\t\t\t\t<div class=\"elementor-image-box-wrapper\"><div class=\"elementor-image-box-content\"><p class=\"elementor-image-box-description\">Jos\u00e9 Ant\u00f4nio Pereira Silva - Presidente da Associa\u00e7\u00e3o Arte e Cultura em L\u00edngua Portugu\u00easa<\/p><\/div><\/div>\t\t\t\t<\/div>\n\t\t\t\t<\/div>\n\t\t\t\t\t<\/div>\n\t\t<\/div>\n\t\t\t\t\t<\/div>\n\t\t<\/section>\n\t\t\t\t<section class=\"elementor-section elementor-top-section elementor-element elementor-element-17c250ea elementor-section-boxed elementor-section-height-default elementor-section-height-default\" data-id=\"17c250ea\" data-element_type=\"section\">\n\t\t\t\t\t\t<div class=\"elementor-container elementor-column-gap-default\">\n\t\t\t\t\t<div class=\"elementor-column elementor-col-100 elementor-top-column elementor-element elementor-element-663ac79c\" data-id=\"663ac79c\" data-element_type=\"column\" data-settings=\"{&quot;background_background&quot;:&quot;classic&quot;}\">\n\t\t\t<div class=\"elementor-widget-wrap elementor-element-populated\">\n\t\t\t\t\t<div class=\"elementor-background-overlay\"><\/div>\n\t\t\t\t\t\t<section class=\"elementor-section elementor-inner-section elementor-element elementor-element-79e7612a elementor-section-boxed elementor-section-height-default elementor-section-height-default\" data-id=\"79e7612a\" data-element_type=\"section\">\n\t\t\t\t\t\t<div class=\"elementor-container elementor-column-gap-default\">\n\t\t\t\t\t<div class=\"elementor-column elementor-col-50 elementor-inner-column elementor-element elementor-element-5dec88c0\" data-id=\"5dec88c0\" data-element_type=\"column\">\n\t\t\t<div class=\"elementor-widget-wrap elementor-element-populated\">\n\t\t\t\t\t\t<div class=\"elementor-element elementor-element-375eee6a elementor-invisible elementor-widget elementor-widget-heading\" data-id=\"375eee6a\" data-element_type=\"widget\" data-settings=\"{&quot;_animation&quot;:&quot;fadeInUp&quot;}\" data-widget_type=\"heading.default\">\n\t\t\t\t<div class=\"elementor-widget-container\">\n\t\t\t\t\t<h2 class=\"elementor-heading-title elementor-size-default\">Conhe\u00e7a a RIEP \u2013 R\u00e1dio Internacional em Portugu\u00eas<\/h2>\t\t\t\t<\/div>\n\t\t\t\t<\/div>\n\t\t\t\t<div class=\"elementor-element elementor-element-49652ddf elementor-widget elementor-widget-text-editor\" data-id=\"49652ddf\" data-element_type=\"widget\" data-widget_type=\"text-editor.default\">\n\t\t\t\t<div class=\"elementor-widget-container\">\n\t\t\t\t\t\t\t\t\t<p class=\"\" data-start=\"282\" data-end=\"546\">A RIEP \u00e9 muito mais que uma r\u00e1dio. Somos uma ponte viva entre culturas, vozes e hist\u00f3rias dos pa\u00edses de l\u00edngua portuguesa. Por meio da arte, educa\u00e7\u00e3o, comunica\u00e7\u00e3o e a\u00e7\u00f5es sociais, promovemos o interc\u00e2mbio cultural entre comunidades lus\u00f3fonas espalhadas pelo mundo.<\/p>\t\t\t\t\t\t\t\t<\/div>\n\t\t\t\t<\/div>\n\t\t\t\t<div class=\"elementor-element elementor-element-6f7ce568 elementor-invisible elementor-widget elementor-widget-elementskit-heading\" data-id=\"6f7ce568\" data-element_type=\"widget\" data-settings=\"{&quot;_animation&quot;:&quot;fadeInLeft&quot;}\" data-widget_type=\"elementskit-heading.default\">\n\t\t\t\t<div class=\"elementor-widget-container\">\n\t\t\t\t\t<div class=\"ekit-wid-con\" ><div class=\"ekit-heading elementskit-section-title-wraper text_left   ekit_heading_tablet-   ekit_heading_mobile-\"><h2 class=\"ekit-heading--title elementskit-section-title  ekit-heading__title-has-border start\">Desde 2020<\/h2>\t\t\t\t<div class='ekit-heading__description'>\n\t\t\t\t\t<p class=\"\">Unimos volunt\u00e1rios, artistas, educadores e comunicadores em uma rede que fortalece a identidade comum dos povos que compartilham a l\u00edngua portuguesa. Com projetos internacionais, a\u00e7\u00f5es sociais, festivais e produ\u00e7\u00e3o de conte\u00fado multicultural, deixamos nossa marca de uni\u00e3o, empatia e transforma\u00e7\u00e3o social.<\/p>\n\t\t\t\t<\/div>\n\t\t\t<\/div><\/div>\t\t\t\t<\/div>\n\t\t\t\t<\/div>\n\t\t\t\t<div class=\"elementor-element elementor-element-da4cfae elementor-invisible elementor-widget elementor-widget-elementskit-heading\" data-id=\"da4cfae\" data-element_type=\"widget\" data-settings=\"{&quot;_animation&quot;:&quot;fadeInLeft&quot;}\" data-widget_type=\"elementskit-heading.default\">\n\t\t\t\t<div class=\"elementor-widget-container\">\n\t\t\t\t\t<div class=\"ekit-wid-con\" ><div class=\"ekit-heading elementskit-section-title-wraper text_left   ekit_heading_tablet-   ekit_heading_mobile-\"><h5 class=\"ekit-heading--title elementskit-section-title  ekit-heading__title-has-border start\">Assista ao nosso v\u00eddeo institucional e descubra como a RIEP conecta pessoas, ideias e culturas em um s\u00f3 idioma: o portugu\u00eas.<\/h5><\/div><\/div>\t\t\t\t<\/div>\n\t\t\t\t<\/div>\n\t\t\t\t\t<\/div>\n\t\t<\/div>\n\t\t\t\t<div class=\"elementor-column elementor-col-50 elementor-inner-column elementor-element elementor-element-22b7be67\" data-id=\"22b7be67\" data-element_type=\"column\">\n\t\t\t<div class=\"elementor-widget-wrap elementor-element-populated\">\n\t\t\t\t\t\t<div class=\"elementor-element elementor-element-4331a3b5 elementor-widget__width-initial elementor-absolute elementor-invisible elementor-widget elementor-widget-elementskit-video\" data-id=\"4331a3b5\" data-element_type=\"widget\" data-settings=\"{&quot;_position&quot;:&quot;absolute&quot;,&quot;_animation&quot;:&quot;fadeInRight&quot;}\" data-widget_type=\"elementskit-video.default\">\n\t\t\t\t<div class=\"elementor-widget-container\">\n\t\t\t\t\t<div class=\"ekit-wid-con\" >\t\t<div class=\"video-content\" data-video-player=\"[]\" data-video-setting=\"{&quot;videoVolume&quot;:&quot;horizontal&quot;,&quot;startVolume&quot;:0.8,&quot;videoType&quot;:&quot;iframe&quot;,&quot;videoClass&quot;:&quot;mfp-fade&quot;,&quot;popupIcon&quot;:{&quot;value&quot;:&quot;icon icon-cancel&quot;,&quot;library&quot;:&quot;ekiticons&quot;},&quot;videoStyle&quot;:&quot;popup&quot;,&quot;videoTypeName&quot;:&quot;youtube&quot;,&quot;autoplay&quot;:false,&quot;muted&quot;:false,&quot;loop&quot;:false}\">\n\t\t\t\n<a class=\"ekit_icon_button glow-ripple ekit-video-popup ekit-video-popup-btn\" href=\"https:\/\/www.youtube.com\/embed\/wh73ZVaEZEE?feature=oembed?playlist=wh73ZVaEZEE&amp;mute=0&amp;autoplay=0&amp;loop=no&amp;controls=0&amp;start=0&amp;end=\" aria-label=\"video-popup\">\n\t\t\t\t<svg aria-hidden=\"true\" class=\"e-font-icon-svg e-fas-play\" viewBox=\"0 0 448 512\" xmlns=\"http:\/\/www.w3.org\/2000\/svg\"><path d=\"M424.4 214.7L72.4 6.6C43.8-10.3 0 6.1 0 47.9V464c0 37.5 40.7 60.1 72.4 41.3l352-208c31.4-18.5 31.5-64.1 0-82.6z\"><\/path><\/svg>\t\t\n\t\t\t<\/a>\n\t\t\t\t\t<\/div>\n\t\t<\/div>\t\t\t\t<\/div>\n\t\t\t\t<\/div>\n\t\t\t\t\t<\/div>\n\t\t<\/div>\n\t\t\t\t\t<\/div>\n\t\t<\/section>\n\t\t\t\t\t<\/div>\n\t\t<\/div>\n\t\t\t\t\t<\/div>\n\t\t<\/section>\n\t\t\t\t<section class=\"elementor-section elementor-top-section elementor-element elementor-element-4a88692b elementor-section-boxed elementor-section-height-default elementor-section-height-default\" data-id=\"4a88692b\" data-element_type=\"section\">\n\t\t\t\t\t\t<div class=\"elementor-container elementor-column-gap-default\">\n\t\t\t\t\t<div class=\"elementor-column elementor-col-100 elementor-top-column elementor-element elementor-element-681451ce\" data-id=\"681451ce\" data-element_type=\"column\">\n\t\t\t<div class=\"elementor-widget-wrap elementor-element-populated\">\n\t\t\t\t\t\t<section class=\"elementor-section elementor-inner-section elementor-element elementor-element-136dc83d elementor-section-boxed elementor-section-height-default elementor-section-height-default elementor-invisible\" data-id=\"136dc83d\" data-element_type=\"section\" data-settings=\"{&quot;animation&quot;:&quot;fadeInUp&quot;}\">\n\t\t\t\t\t\t<div class=\"elementor-container elementor-column-gap-no\">\n\t\t\t\t\t<div class=\"elementor-column elementor-col-100 elementor-inner-column elementor-element elementor-element-60c4ccd9\" data-id=\"60c4ccd9\" data-element_type=\"column\">\n\t\t\t<div class=\"elementor-widget-wrap elementor-element-populated\">\n\t\t\t\t\t\t<div class=\"elementor-element elementor-element-54d73a7a elementor-widget elementor-widget-heading\" data-id=\"54d73a7a\" data-element_type=\"widget\" data-widget_type=\"heading.default\">\n\t\t\t\t<div class=\"elementor-widget-container\">\n\t\t\t\t\t<h2 class=\"elementor-heading-title elementor-size-default\">Nossa Equipe<\/h2>\t\t\t\t<\/div>\n\t\t\t\t<\/div>\n\t\t\t\t<div class=\"elementor-element elementor-element-185b7fb9 elementor-widget elementor-widget-text-editor\" data-id=\"185b7fb9\" data-element_type=\"widget\" data-widget_type=\"text-editor.default\">\n\t\t\t\t<div class=\"elementor-widget-container\">\n\t\t\t\t\t\t\t\t\t<p>Esse \u00e9 o time que faz tudo acocntecer!<\/p>\t\t\t\t\t\t\t\t<\/div>\n\t\t\t\t<\/div>\n\t\t\t\t\t<\/div>\n\t\t<\/div>\n\t\t\t\t\t<\/div>\n\t\t<\/section>\n\t\t\t\t<section class=\"elementor-section elementor-inner-section elementor-element elementor-element-46082d4 elementor-section-boxed elementor-section-height-default elementor-section-height-default\" data-id=\"46082d4\" data-element_type=\"section\">\n\t\t\t\t\t\t<div class=\"elementor-container elementor-column-gap-default\">\n\t\t\t\t\t<div class=\"elementor-column elementor-col-25 elementor-inner-column elementor-element elementor-element-73f633a elementor-invisible\" data-id=\"73f633a\" data-element_type=\"column\" data-settings=\"{&quot;animation&quot;:&quot;fadeInLeft&quot;,&quot;animation_delay&quot;:240}\">\n\t\t\t<div class=\"elementor-widget-wrap elementor-element-populated\">\n\t\t\t\t\t\t<div class=\"elementor-element elementor-element-34eefad elementor-widget elementor-widget-elementskit-team\" data-id=\"34eefad\" data-element_type=\"widget\" data-widget_type=\"elementskit-team.default\">\n\t\t\t\t<div class=\"elementor-widget-container\">\n\t\t\t\t\t<div class=\"ekit-wid-con\">\t\t\t\t\t\t\t\t\n\t\t<div class=\"profile-card elementor-animation- text-center ekit-team-style-default\">\n\t\t\t\t\t\t\t<a aria-label=\"profile\" href=\"javascript:void(0)\" data-mfp-src=\"#ekit_team_modal_34eefad_2868\" class=\"ekit-team-popup\">\n\t\t\t\n\t\t\t\t<div class=\"profile-header ekit-team-img ekit-img-overlay ekit-team-img-block\"  data-toggle=\"modal\" data-target=\"ekit_team_modal_#34eefad_2868\" >\n\t\t\t\t\t<img decoding=\"async\" width=\"768\" height=\"807\" src=\"https:\/\/radioiep.com\/site\/wp-content\/uploads\/2025\/03\/Jose-Antonio-Pereira-Silva.jpeg\" class=\"attachment-full size-full wp-image-2997\" alt=\"\" srcset=\"https:\/\/radioiep.com\/site\/wp-content\/uploads\/2025\/03\/Jose-Antonio-Pereira-Silva.jpeg 768w, https:\/\/radioiep.com\/site\/wp-content\/uploads\/2025\/03\/Jose-Antonio-Pereira-Silva-286x300.jpeg 286w\" sizes=\"(max-width: 768px) 100vw, 768px\" \/>\t\t\t\t<\/div><!-- .profile-header END -->\n\t\t\t\t\t\t\t<\/a>\n\t\t\t\n\n\t\t\t\t<div class=\"profile-body\">\n\t\t\t\t\t\n\t\t\t\t\t<h2 class=\"profile-title\">\n\t\t\t\t\t\t\t\t\t\t\t<a aria-label=\"profile\" href=\"javascript:void(0)\" data-mfp-src=\"#ekit_team_modal_34eefad_2868\" class=\"ekit-team-popup\">\n\t\t\t\t\t\tJos\u00e9 Ant\u00f4nio Pereira Silva\t\t\t\t\t\t<\/a>\n\t\t\t\t\t\t\t\t\t\t\t<\/h2>\n\t\t\t\t\t<p class=\"profile-designation\">Presidente da Associa\u00e7\u00e3o Arte e Cultura em L\u00edngua Portugu\u00easa<\/p>\n\t\t\t\t\t\t\t\t\t<\/div><!-- .profile-body END -->\n\n\t\t\t\t\t\t\t\t<\/div>\n\t\t\t\t\t\t\t\n\t\t\t\n\t\t\t\t\t<div class=\"zoom-anim-dialog mfp-hide elementskit-team-popup team-popup-id-34eefad\" id=\"ekit_team_modal_34eefad_2868\" tabindex=\"-1\" role=\"dialog\" aria-hidden=\"true\">\n\t\t\t\t<div class=\"modal-dialog modal-dialog-centered\" role=\"document\">\n\t\t\t\t\t<div class=\"modal-content\">\n\t\t\t\t\t\t<button type=\"button\" class=\"ekit-team-modal-close\">\n\t\t\t\t\t\t\t<svg aria-hidden=\"true\" class=\"e-font-icon-svg e-fas-times\" viewBox=\"0 0 352 512\" xmlns=\"http:\/\/www.w3.org\/2000\/svg\"><path d=\"M242.72 256l100.07-100.07c12.28-12.28 12.28-32.19 0-44.48l-22.24-22.24c-12.28-12.28-32.19-12.28-44.48 0L176 189.28 75.93 89.21c-12.28-12.28-32.19-12.28-44.48 0L9.21 111.45c-12.28 12.28-12.28 32.19 0 44.48L109.28 256 9.21 356.07c-12.28 12.28-12.28 32.19 0 44.48l22.24 22.24c12.28 12.28 32.2 12.28 44.48 0L176 322.72l100.07 100.07c12.28 12.28 32.2 12.28 44.48 0l22.24-22.24c12.28-12.28 12.28-32.19 0-44.48L242.72 256z\"><\/path><\/svg>\t\t\t\t\t\t<\/button>\n\n\t\t\t\t\t\t<div class=\"modal-body\">\n\t\t\t\t\t\t\t\t\t\t\t\t\t\t\t<div class=\"ekit-team-modal-img\">\n\t\t\t\t\t\t\t\t\t<img decoding=\"async\" width=\"768\" height=\"807\" src=\"https:\/\/radioiep.com\/site\/wp-content\/uploads\/2025\/03\/Jose-Antonio-Pereira-Silva.jpeg\" class=\"attachment-full size-full wp-image-2997\" alt=\"\" srcset=\"https:\/\/radioiep.com\/site\/wp-content\/uploads\/2025\/03\/Jose-Antonio-Pereira-Silva.jpeg 768w, https:\/\/radioiep.com\/site\/wp-content\/uploads\/2025\/03\/Jose-Antonio-Pereira-Silva-286x300.jpeg 286w\" sizes=\"(max-width: 768px) 100vw, 768px\" \/>\t\t\t\t\t\t\t\t<\/div>\n\t\t\t\t\t\t\t\n\t\t\t\t\t\t\t<div class=\"ekit-team-modal-info has-img\">\n\t\t\t\t\t\t\t\t<h2 class=\"ekit-team-modal-title\">Jos\u00e9 Ant\u00f4nio Pereira Silva<\/h2>\n\t\t\t\t\t\t\t\t<p class=\"ekit-team-modal-position\">Presidente da Associa\u00e7\u00e3o Arte e Cultura em L\u00edngua Portugu\u00easa<\/p>\n\n\t\t\t\t\t\t\t\t<div class=\"ekit-team-modal-content\">\n\t\t\t\t\t\t\t\t\tA small river named Duden flows by their place and supplies it with the necessary\t\t\t\t\t\t\t\t<\/div>\n\n\t\t\t\t\t\t\t\t\t\t\t\t\t\t\t\t\t<ul class=\"ekit-team-modal-list\">\n\t\t\t\t\t\t\t\t\t\t\t\t\t\t\t\t\t\t\t\t\t<li><strong>Phone:<\/strong><a href=\"tel:+1 (859) 254-6589\">+1 (859) 254-6589<\/a><\/li>\n\t\t\t\t\t\t\t\t\t\t\n\t\t\t\t\t\t\t\t\t\t\t\t\t\t\t\t\t\t\t\t\t<li><strong>Email:<\/strong><a href=\"mailto:info@example.com\">info@example.com<\/a><\/li>\n\t\t\t\t\t\t\t\t\t\t\t\t\t\t\t\t\t\t\t<\/ul>\n\t\t\t\t\t\t\t\t\n\t\t\t\t\t\t\t\t\t\t\t\t\t\t\t<\/div>\n\t\t\t\t\t\t<\/div>\n\t\t\t\t\t<\/div>\n\t\t\t\t<\/div>\n\t\t\t<\/div>\n\t\t\t\t<\/div>\t\t\t\t<\/div>\n\t\t\t\t<\/div>\n\t\t\t\t\t<\/div>\n\t\t<\/div>\n\t\t\t\t<div class=\"elementor-column elementor-col-25 elementor-inner-column elementor-element elementor-element-2be628c3 elementor-invisible\" data-id=\"2be628c3\" data-element_type=\"column\" data-settings=\"{&quot;animation&quot;:&quot;fadeInLeft&quot;}\">\n\t\t\t<div class=\"elementor-widget-wrap elementor-element-populated\">\n\t\t\t\t\t\t<div class=\"elementor-element elementor-element-e107041 elementor-widget elementor-widget-elementskit-team\" data-id=\"e107041\" data-element_type=\"widget\" data-widget_type=\"elementskit-team.default\">\n\t\t\t\t<div class=\"elementor-widget-container\">\n\t\t\t\t\t<div class=\"ekit-wid-con\">\t\t\t\t\t\t\t\t\n\t\t<div class=\"profile-card elementor-animation- text-center ekit-team-style-default\">\n\t\t\t\n\t\t\t\t<div class=\"profile-header ekit-team-img ekit-img-overlay ekit-team-img-block\" >\n\t\t\t\t\t<img decoding=\"async\" width=\"768\" height=\"807\" src=\"https:\/\/radioiep.com\/site\/wp-content\/uploads\/2025\/03\/Jose-Antonio-Pereira-Silva.jpeg\" class=\"attachment-full size-full wp-image-2997\" alt=\"\" srcset=\"https:\/\/radioiep.com\/site\/wp-content\/uploads\/2025\/03\/Jose-Antonio-Pereira-Silva.jpeg 768w, https:\/\/radioiep.com\/site\/wp-content\/uploads\/2025\/03\/Jose-Antonio-Pereira-Silva-286x300.jpeg 286w\" sizes=\"(max-width: 768px) 100vw, 768px\" \/>\t\t\t\t<\/div><!-- .profile-header END -->\n\t\t\t\n\n\t\t\t\t<div class=\"profile-body\">\n\t\t\t\t\t\n\t\t\t\t\t<h2 class=\"profile-title\">\n\t\t\t\t\t\t\t\t\t\t\tJos\u00e9 Ant\u00f4nio Pereira Silva\t\t\t\t\t\t\t\t\t\t<\/h2>\n\t\t\t\t\t<p class=\"profile-designation\">Presidente da Associa\u00e7\u00e3o Arte e Cultura em L\u00edngua Portugu\u00easa<\/p>\n\t\t\t\t\t\t\t\t\t<\/div><!-- .profile-body END -->\n\n\t\t\t\t\t\t\t\t<\/div>\n\t\t\t\t\t\t\t\n\t\t\t\n\t\t\t\t<\/div>\t\t\t\t<\/div>\n\t\t\t\t<\/div>\n\t\t\t\t\t<\/div>\n\t\t<\/div>\n\t\t\t\t<div class=\"elementor-column elementor-col-25 elementor-inner-column elementor-element elementor-element-3426060e elementor-invisible\" data-id=\"3426060e\" data-element_type=\"column\" data-settings=\"{&quot;animation&quot;:&quot;fadeInRight&quot;}\">\n\t\t\t<div class=\"elementor-widget-wrap elementor-element-populated\">\n\t\t\t\t\t\t<div class=\"elementor-element elementor-element-af509b0 elementor-widget elementor-widget-elementskit-team\" data-id=\"af509b0\" data-element_type=\"widget\" data-widget_type=\"elementskit-team.default\">\n\t\t\t\t<div class=\"elementor-widget-container\">\n\t\t\t\t\t<div class=\"ekit-wid-con\">\t\t\t\t\t\t\t\t\n\t\t<div class=\"profile-card elementor-animation- text-center ekit-team-style-default\">\n\t\t\t\n\t\t\t\t<div class=\"profile-header ekit-team-img ekit-img-overlay ekit-team-img-block\" >\n\t\t\t\t\t<img decoding=\"async\" width=\"768\" height=\"807\" src=\"https:\/\/radioiep.com\/site\/wp-content\/uploads\/2025\/03\/Jose-Antonio-Pereira-Silva.jpeg\" class=\"attachment-full size-full wp-image-2997\" alt=\"\" srcset=\"https:\/\/radioiep.com\/site\/wp-content\/uploads\/2025\/03\/Jose-Antonio-Pereira-Silva.jpeg 768w, https:\/\/radioiep.com\/site\/wp-content\/uploads\/2025\/03\/Jose-Antonio-Pereira-Silva-286x300.jpeg 286w\" sizes=\"(max-width: 768px) 100vw, 768px\" \/>\t\t\t\t<\/div><!-- .profile-header END -->\n\t\t\t\n\n\t\t\t\t<div class=\"profile-body\">\n\t\t\t\t\t\n\t\t\t\t\t<h2 class=\"profile-title\">\n\t\t\t\t\t\t\t\t\t\t\tJos\u00e9 Ant\u00f4nio Pereira Silva\t\t\t\t\t\t\t\t\t\t<\/h2>\n\t\t\t\t\t<p class=\"profile-designation\">Presidente da Associa\u00e7\u00e3o Arte e Cultura em L\u00edngua Portugu\u00easa<\/p>\n\t\t\t\t\t\t\t\t\t<\/div><!-- .profile-body END -->\n\n\t\t\t\t\t\t\t\t<\/div>\n\t\t\t\t\t\t\t\n\t\t\t\n\t\t\t\t<\/div>\t\t\t\t<\/div>\n\t\t\t\t<\/div>\n\t\t\t\t\t<\/div>\n\t\t<\/div>\n\t\t\t\t<div class=\"elementor-column elementor-col-25 elementor-inner-column elementor-element elementor-element-6c8b7b63 elementor-invisible\" data-id=\"6c8b7b63\" data-element_type=\"column\" data-settings=\"{&quot;animation&quot;:&quot;fadeInRight&quot;,&quot;animation_delay&quot;:240}\">\n\t\t\t<div class=\"elementor-widget-wrap elementor-element-populated\">\n\t\t\t\t\t\t<div class=\"elementor-element elementor-element-7838fa6 elementor-widget elementor-widget-elementskit-team\" data-id=\"7838fa6\" data-element_type=\"widget\" data-widget_type=\"elementskit-team.default\">\n\t\t\t\t<div class=\"elementor-widget-container\">\n\t\t\t\t\t<div class=\"ekit-wid-con\">\t\t\t\t\t\t\t\t\n\t\t<div class=\"profile-card elementor-animation- text-center ekit-team-style-default\">\n\t\t\t\n\t\t\t\t<div class=\"profile-header ekit-team-img ekit-img-overlay ekit-team-img-block\" >\n\t\t\t\t\t<img decoding=\"async\" width=\"768\" height=\"807\" src=\"https:\/\/radioiep.com\/site\/wp-content\/uploads\/2025\/03\/Jose-Antonio-Pereira-Silva.jpeg\" class=\"attachment-full size-full wp-image-2997\" alt=\"\" srcset=\"https:\/\/radioiep.com\/site\/wp-content\/uploads\/2025\/03\/Jose-Antonio-Pereira-Silva.jpeg 768w, https:\/\/radioiep.com\/site\/wp-content\/uploads\/2025\/03\/Jose-Antonio-Pereira-Silva-286x300.jpeg 286w\" sizes=\"(max-width: 768px) 100vw, 768px\" \/>\t\t\t\t<\/div><!-- .profile-header END -->\n\t\t\t\n\n\t\t\t\t<div class=\"profile-body\">\n\t\t\t\t\t\n\t\t\t\t\t<h2 class=\"profile-title\">\n\t\t\t\t\t\t\t\t\t\t\tJos\u00e9 Ant\u00f4nio Pereira Silva\t\t\t\t\t\t\t\t\t\t<\/h2>\n\t\t\t\t\t<p class=\"profile-designation\">Presidente da Associa\u00e7\u00e3o Arte e Cultura em L\u00edngua Portugu\u00easa<\/p>\n\t\t\t\t\t\t\t\t\t<\/div><!-- .profile-body END -->\n\n\t\t\t\t\t\t\t\t<\/div>\n\t\t\t\t\t\t\t\n\t\t\t\n\t\t\t\t<\/div>\t\t\t\t<\/div>\n\t\t\t\t<\/div>\n\t\t\t\t\t<\/div>\n\t\t<\/div>\n\t\t\t\t\t<\/div>\n\t\t<\/section>\n\t\t\t\t\t<\/div>\n\t\t<\/div>\n\t\t\t\t\t<\/div>\n\t\t<\/section>\n\t\t\t\t<section class=\"elementor-section elementor-top-section elementor-element elementor-element-5a67a31e elementor-section-boxed elementor-section-height-default elementor-section-height-default\" data-id=\"5a67a31e\" data-element_type=\"section\" data-settings=\"{&quot;background_background&quot;:&quot;classic&quot;}\">\n\t\t\t\t\t\t\t<div class=\"elementor-background-overlay\"><\/div>\n\t\t\t\t\t\t\t<div class=\"elementor-container elementor-column-gap-default\">\n\t\t\t\t\t<div class=\"elementor-column elementor-col-100 elementor-top-column elementor-element elementor-element-fd4167c\" data-id=\"fd4167c\" data-element_type=\"column\">\n\t\t\t<div class=\"elementor-widget-wrap elementor-element-populated\">\n\t\t\t\t\t\t<section class=\"elementor-section elementor-inner-section elementor-element elementor-element-1ba0811c elementor-section-boxed elementor-section-height-default elementor-section-height-default\" data-id=\"1ba0811c\" data-element_type=\"section\">\n\t\t\t\t\t\t<div class=\"elementor-container elementor-column-gap-default\">\n\t\t\t\t\t<div class=\"elementor-column elementor-col-50 elementor-inner-column elementor-element elementor-element-7ebefe63\" data-id=\"7ebefe63\" data-element_type=\"column\">\n\t\t\t<div class=\"elementor-widget-wrap elementor-element-populated\">\n\t\t\t\t\t\t<div class=\"elementor-element elementor-element-5e6ee610 elementor-invisible elementor-widget elementor-widget-heading\" data-id=\"5e6ee610\" data-element_type=\"widget\" data-settings=\"{&quot;_animation&quot;:&quot;fadeInUp&quot;}\" data-widget_type=\"heading.default\">\n\t\t\t\t<div class=\"elementor-widget-container\">\n\t\t\t\t\t<h2 class=\"elementor-heading-title elementor-size-default\">Alcance Internacional<\/h2>\t\t\t\t<\/div>\n\t\t\t\t<\/div>\n\t\t\t\t\t<\/div>\n\t\t<\/div>\n\t\t\t\t<div class=\"elementor-column elementor-col-50 elementor-inner-column elementor-element elementor-element-b971ebb\" data-id=\"b971ebb\" data-element_type=\"column\">\n\t\t\t<div class=\"elementor-widget-wrap elementor-element-populated\">\n\t\t\t\t\t\t<div class=\"elementor-element elementor-element-3b0abf02 elementor-invisible elementor-widget elementor-widget-text-editor\" data-id=\"3b0abf02\" data-element_type=\"widget\" data-settings=\"{&quot;_animation&quot;:&quot;fadeInRight&quot;}\" data-widget_type=\"text-editor.default\">\n\t\t\t\t<div class=\"elementor-widget-container\">\n\t\t\t\t\t\t\t\t\t<p class=\"\" data-start=\"1082\" data-end=\"1356\">Nossa rede se estende por comunidades e pa\u00edses de l\u00edngua portuguesa, incluindo:<br data-start=\"1174\" data-end=\"1177\" \/>\ud83c\udde7\ud83c\uddf7 Brasil | \ud83c\udde6\ud83c\uddf4 Angola | \ud83c\uddf5\ud83c\uddf9 Portugal | \ud83c\udde8\ud83c\uddfb Cabo Verde | \ud83c\uddec\ud83c\uddfc Guin\u00e9-Bissau | \ud83c\uddf2\ud83c\uddff Mo\u00e7ambique | \ud83c\uddf9\ud83c\uddf1 Timor-Leste | \ud83c\uddf8\ud83c\uddf9 S\u00e3o Tom\u00e9 e Pr\u00edncipe | \ud83c\uddf2\ud83c\uddf4 Macau | \ud83c\uddee\ud83c\uddf3 Goa | \ud83c\udf0d Galiza<\/p><p class=\"\" data-start=\"1358\" data-end=\"1536\">Atrav\u00e9s de ferramentas como redes sociais, r\u00e1dio online e a\u00e7\u00f5es educativas, conectamos vozes e ideias, ampliando o di\u00e1logo cultural e promovendo a colabora\u00e7\u00e3o entre essas na\u00e7\u00f5es.<\/p>\t\t\t\t\t\t\t\t<\/div>\n\t\t\t\t<\/div>\n\t\t\t\t<div class=\"elementor-element elementor-element-44e6c625 elementor-widget-divider--view-line elementor-widget elementor-widget-divider\" data-id=\"44e6c625\" data-element_type=\"widget\" data-widget_type=\"divider.default\">\n\t\t\t\t<div class=\"elementor-widget-container\">\n\t\t\t\t\t\t\t<div class=\"elementor-divider\">\n\t\t\t<span class=\"elementor-divider-separator\">\n\t\t\t\t\t\t<\/span>\n\t\t<\/div>\n\t\t\t\t\t\t<\/div>\n\t\t\t\t<\/div>\n\t\t\t\t\t<\/div>\n\t\t<\/div>\n\t\t\t\t\t<\/div>\n\t\t<\/section>\n\t\t\t\t<section class=\"elementor-section elementor-inner-section elementor-element elementor-element-96b944b elementor-section-boxed elementor-section-height-default elementor-section-height-default\" data-id=\"96b944b\" data-element_type=\"section\">\n\t\t\t\t\t\t<div class=\"elementor-container elementor-column-gap-default\">\n\t\t\t\t\t<div class=\"elementor-column elementor-col-50 elementor-inner-column elementor-element elementor-element-ed7dbf0\" data-id=\"ed7dbf0\" data-element_type=\"column\">\n\t\t\t<div class=\"elementor-widget-wrap elementor-element-populated\">\n\t\t\t\t\t\t<div class=\"elementor-element elementor-element-37ad484 elementor-invisible elementor-widget elementor-widget-heading\" data-id=\"37ad484\" data-element_type=\"widget\" data-settings=\"{&quot;_animation&quot;:&quot;fadeInUp&quot;}\" data-widget_type=\"heading.default\">\n\t\t\t\t<div class=\"elementor-widget-container\">\n\t\t\t\t\t<h2 class=\"elementor-heading-title elementor-size-default\">Nosso Prop\u00f3sito<\/h2>\t\t\t\t<\/div>\n\t\t\t\t<\/div>\n\t\t\t\t\t<\/div>\n\t\t<\/div>\n\t\t\t\t<div class=\"elementor-column elementor-col-50 elementor-inner-column elementor-element elementor-element-7988db1\" data-id=\"7988db1\" data-element_type=\"column\">\n\t\t\t<div class=\"elementor-widget-wrap elementor-element-populated\">\n\t\t\t\t\t\t<div class=\"elementor-element elementor-element-3ef374e elementor-invisible elementor-widget elementor-widget-text-editor\" data-id=\"3ef374e\" data-element_type=\"widget\" data-settings=\"{&quot;_animation&quot;:&quot;fadeInRight&quot;}\" data-widget_type=\"text-editor.default\">\n\t\t\t\t<div class=\"elementor-widget-container\">\n\t\t\t\t\t\t\t\t\t<ul><li class=\"\" data-start=\"1627\" data-end=\"1687\"><p class=\"\" data-start=\"1629\" data-end=\"1687\">Fortalecer a <strong data-start=\"1642\" data-end=\"1662\">unidade cultural<\/strong> entre povos lus\u00f3fonos.<\/p><\/li><li class=\"\" data-start=\"1688\" data-end=\"1742\"><p class=\"\" data-start=\"1690\" data-end=\"1742\">Estimular o <strong data-start=\"1702\" data-end=\"1739\">interc\u00e2mbio art\u00edstico e educativo<\/strong>.<\/p><\/li><li class=\"\" data-start=\"1743\" data-end=\"1813\"><p class=\"\" data-start=\"1745\" data-end=\"1813\">Divulgar conte\u00fados <strong data-start=\"1764\" data-end=\"1810\">culturais, sociais, pol\u00edticos e ambientais<\/strong>.<\/p><\/li><li class=\"\" data-start=\"1814\" data-end=\"1902\"><p class=\"\" data-start=\"1816\" data-end=\"1902\">Oferecer visibilidade a artistas, comunicadores e educadores da comunidade lus\u00f3fona.<\/p><\/li><li class=\"\" data-start=\"1903\" data-end=\"1972\"><p class=\"\" data-start=\"1905\" data-end=\"1972\">Valorizar a <strong data-start=\"1917\" data-end=\"1971\">l\u00edngua portuguesa como elo de identidade e empatia<\/strong>.<\/p><\/li><\/ul>\t\t\t\t\t\t\t\t<\/div>\n\t\t\t\t<\/div>\n\t\t\t\t<div class=\"elementor-element elementor-element-bfa695f elementor-widget-divider--view-line elementor-widget elementor-widget-divider\" data-id=\"bfa695f\" data-element_type=\"widget\" data-widget_type=\"divider.default\">\n\t\t\t\t<div class=\"elementor-widget-container\">\n\t\t\t\t\t\t\t<div class=\"elementor-divider\">\n\t\t\t<span class=\"elementor-divider-separator\">\n\t\t\t\t\t\t<\/span>\n\t\t<\/div>\n\t\t\t\t\t\t<\/div>\n\t\t\t\t<\/div>\n\t\t\t\t\t<\/div>\n\t\t<\/div>\n\t\t\t\t\t<\/div>\n\t\t<\/section>\n\t\t\t\t<section class=\"elementor-section elementor-inner-section elementor-element elementor-element-709fa7f elementor-section-boxed elementor-section-height-default elementor-section-height-default\" data-id=\"709fa7f\" data-element_type=\"section\">\n\t\t\t\t\t\t<div class=\"elementor-container elementor-column-gap-default\">\n\t\t\t\t\t<div class=\"elementor-column elementor-col-50 elementor-inner-column elementor-element elementor-element-057eb48\" data-id=\"057eb48\" data-element_type=\"column\">\n\t\t\t<div class=\"elementor-widget-wrap elementor-element-populated\">\n\t\t\t\t\t\t<div class=\"elementor-element elementor-element-2b84a44 elementor-invisible elementor-widget elementor-widget-heading\" data-id=\"2b84a44\" data-element_type=\"widget\" data-settings=\"{&quot;_animation&quot;:&quot;fadeInUp&quot;}\" data-widget_type=\"heading.default\">\n\t\t\t\t<div class=\"elementor-widget-container\">\n\t\t\t\t\t<h2 class=\"elementor-heading-title elementor-size-default\">Nossas Realiza\u00e7\u00f5es<\/h2>\t\t\t\t<\/div>\n\t\t\t\t<\/div>\n\t\t\t\t\t<\/div>\n\t\t<\/div>\n\t\t\t\t<div class=\"elementor-column elementor-col-50 elementor-inner-column elementor-element elementor-element-0cd31a5\" data-id=\"0cd31a5\" data-element_type=\"column\">\n\t\t\t<div class=\"elementor-widget-wrap elementor-element-populated\">\n\t\t\t\t\t\t<div class=\"elementor-element elementor-element-fb6d19b elementor-invisible elementor-widget elementor-widget-text-editor\" data-id=\"fb6d19b\" data-element_type=\"widget\" data-settings=\"{&quot;_animation&quot;:&quot;fadeInRight&quot;}\" data-widget_type=\"text-editor.default\">\n\t\t\t\t<div class=\"elementor-widget-container\">\n\t\t\t\t\t\t\t\t\t<p class=\"\" data-start=\"2076\" data-end=\"2197\">\ud83c\udfa5 <strong data-start=\"2079\" data-end=\"2099\">Mostra In Motion<\/strong> \u2013 Primeira mostra de anima\u00e7\u00e3o em Betim (MG), com a\u00e7\u00f5es tamb\u00e9m em Luanda (Angola) e Mirabela (MG).<\/p><p class=\"\" data-start=\"2200\" data-end=\"2293\">\ud83c\udfa4 <strong data-start=\"2203\" data-end=\"2238\">Projeto Bate-papo Pluric\u00eantrico<\/strong> \u2013 Em parceria com o Leitorado Brasileiro na Argentina.<\/p><p class=\"\" data-start=\"2296\" data-end=\"2395\">\ud83c\udf31 <strong data-start=\"2299\" data-end=\"2331\">Interc\u00e2mbio online ambiental<\/strong> \u2013 Com participa\u00e7\u00e3o de crian\u00e7as dos pa\u00edses lus\u00f3fonos (jun\/2021).<\/p><p class=\"\" data-start=\"2398\" data-end=\"2497\">\ud83e\udd1d <strong data-start=\"2401\" data-end=\"2447\">A\u00e7\u00e3o solid\u00e1ria no Centro El Betel (Angola)<\/strong> \u2013 Com doa\u00e7\u00e3o de alimentos e atividades culturais.<\/p><p class=\"\" data-start=\"2500\" data-end=\"2605\">\ud83c\udf10 <strong data-start=\"2503\" data-end=\"2547\">Festival Conex\u00e3o Cultural Sem Fronteiras<\/strong> \u2013 Edi\u00e7\u00f5es 2020 e 2021 (patrocinado pela Lei Aldir Blanc).<\/p><p class=\"\" data-start=\"2608\" data-end=\"2696\">\ud83c\udfad <strong data-start=\"2611\" data-end=\"2651\">Cobertura da ONG Circo de Todo Mundo<\/strong> \u2013 Evento multicultural em Betim e Nova Lima.<\/p><p class=\"\" data-start=\"2699\" data-end=\"2804\">\u2728 Participa\u00e7\u00e3o no <strong data-start=\"2717\" data-end=\"2731\">Sabr\u00e1frica<\/strong> \u2013 Sarau Brasil, \u00c1frica do Sul, Angola, Cabo Verde e S\u00e3o Tom\u00e9 e Pr\u00edncipe.<\/p>\t\t\t\t\t\t\t\t<\/div>\n\t\t\t\t<\/div>\n\t\t\t\t<div class=\"elementor-element elementor-element-19fe99d elementor-widget-divider--view-line elementor-widget elementor-widget-divider\" data-id=\"19fe99d\" data-element_type=\"widget\" data-widget_type=\"divider.default\">\n\t\t\t\t<div class=\"elementor-widget-container\">\n\t\t\t\t\t\t\t<div class=\"elementor-divider\">\n\t\t\t<span class=\"elementor-divider-separator\">\n\t\t\t\t\t\t<\/span>\n\t\t<\/div>\n\t\t\t\t\t\t<\/div>\n\t\t\t\t<\/div>\n\t\t\t\t\t<\/div>\n\t\t<\/div>\n\t\t\t\t\t<\/div>\n\t\t<\/section>\n\t\t\t\t<section class=\"elementor-section elementor-inner-section elementor-element elementor-element-fce2c81 elementor-section-boxed elementor-section-height-default elementor-section-height-default\" data-id=\"fce2c81\" data-element_type=\"section\">\n\t\t\t\t\t\t<div class=\"elementor-container elementor-column-gap-default\">\n\t\t\t\t\t<div class=\"elementor-column elementor-col-50 elementor-inner-column elementor-element elementor-element-3a10212\" data-id=\"3a10212\" data-element_type=\"column\">\n\t\t\t<div class=\"elementor-widget-wrap elementor-element-populated\">\n\t\t\t\t\t\t<div class=\"elementor-element elementor-element-57506e4 elementor-invisible elementor-widget elementor-widget-heading\" data-id=\"57506e4\" data-element_type=\"widget\" data-settings=\"{&quot;_animation&quot;:&quot;fadeInUp&quot;}\" data-widget_type=\"heading.default\">\n\t\t\t\t<div class=\"elementor-widget-container\">\n\t\t\t\t\t<h2 class=\"elementor-heading-title elementor-size-default\">Premia\u00e7\u00f5es e Honrarias<\/h2>\t\t\t\t<\/div>\n\t\t\t\t<\/div>\n\t\t\t\t\t<\/div>\n\t\t<\/div>\n\t\t\t\t<div class=\"elementor-column elementor-col-50 elementor-inner-column elementor-element elementor-element-c2fa8db\" data-id=\"c2fa8db\" data-element_type=\"column\">\n\t\t\t<div class=\"elementor-widget-wrap elementor-element-populated\">\n\t\t\t\t\t\t<div class=\"elementor-element elementor-element-59ea279 elementor-invisible elementor-widget elementor-widget-text-editor\" data-id=\"59ea279\" data-element_type=\"widget\" data-settings=\"{&quot;_animation&quot;:&quot;fadeInRight&quot;}\" data-widget_type=\"text-editor.default\">\n\t\t\t\t<div class=\"elementor-widget-container\">\n\t\t\t\t\t\t\t\t\t<p class=\"\" data-start=\"2898\" data-end=\"2959\">Nosso trabalho foi reconhecido nacional e internacionalmente:<\/p><ul data-start=\"2961\" data-end=\"3137\"><li class=\"\" data-start=\"2961\" data-end=\"3048\"><p class=\"\" data-start=\"2963\" data-end=\"3048\">\ud83c\udfc6 Indica\u00e7\u00e3o ao <strong data-start=\"2979\" data-end=\"3046\">Pr\u00eamio Ibero-Americano de Arte e Cultura pela Paz \u2013 Brasil 2021<\/strong><\/p><\/li><li class=\"\" data-start=\"3049\" data-end=\"3137\"><p class=\"\" data-start=\"3051\" data-end=\"3137\">\ud83c\udf0d T\u00edtulo de <strong data-start=\"3064\" data-end=\"3091\">Embaixadora Humanit\u00e1ria<\/strong> concedido pela ONG <strong data-start=\"3111\" data-end=\"3125\">SouPerifas<\/strong> (S\u00e3o Paulo)<\/p><\/li><\/ul>\t\t\t\t\t\t\t\t<\/div>\n\t\t\t\t<\/div>\n\t\t\t\t<div class=\"elementor-element elementor-element-6971c7e elementor-widget-divider--view-line elementor-widget elementor-widget-divider\" data-id=\"6971c7e\" data-element_type=\"widget\" data-widget_type=\"divider.default\">\n\t\t\t\t<div class=\"elementor-widget-container\">\n\t\t\t\t\t\t\t<div class=\"elementor-divider\">\n\t\t\t<span class=\"elementor-divider-separator\">\n\t\t\t\t\t\t<\/span>\n\t\t<\/div>\n\t\t\t\t\t\t<\/div>\n\t\t\t\t<\/div>\n\t\t\t\t\t<\/div>\n\t\t<\/div>\n\t\t\t\t\t<\/div>\n\t\t<\/section>\n\t\t\t\t\t<\/div>\n\t\t<\/div>\n\t\t\t\t\t<\/div>\n\t\t<\/section>\n\t\t<div class=\"elementor-element elementor-element-304d466 e-flex e-con-boxed e-con e-parent\" data-id=\"304d466\" data-element_type=\"container\">\n\t\t\t\t\t<div class=\"e-con-inner\">\n\t\t\t\t\t<\/div>\n\t\t\t\t<\/div>\n\t\t\t\t<\/div>\n\t\t","protected":false},"excerpt":{"rendered":"<p>SOBRE N\u00d3S RIEP: Uma voz, milhares de culturas, uma s\u00f3 l\u00edngua! Conhe\u00e7a um pouco mais sobre nosso trabalho A ASSOCIA\u00c7\u00c3O ARTE E CULTURA EM L\u00cdNGUA PORTUGUESA, tamb\u00e9m designada com nome fantasia RIEP\u00a0 RADIO INTERNACIONAL EM PORTUGU\u00caS, \u00e9 uma associa\u00e7\u00e3o, pessoa jur\u00eddica de direito privado, constitu\u00edda na forma de sociedade civil sem fins lucrativos, com dura\u00e7\u00e3o [&hellip;]<\/p>\n","protected":false},"author":1,"featured_media":0,"parent":0,"menu_order":0,"comment_status":"closed","ping_status":"closed","template":"elementor_header_footer","meta":{"footnotes":""},"class_list":["post-2868","page","type-page","status-publish","hentry"],"_links":{"self":[{"href":"https:\/\/radioiep.com\/site\/wp-json\/wp\/v2\/pages\/2868","targetHints":{"allow":["GET"]}}],"collection":[{"href":"https:\/\/radioiep.com\/site\/wp-json\/wp\/v2\/pages"}],"about":[{"href":"https:\/\/radioiep.com\/site\/wp-json\/wp\/v2\/types\/page"}],"author":[{"embeddable":true,"href":"https:\/\/radioiep.com\/site\/wp-json\/wp\/v2\/users\/1"}],"replies":[{"embeddable":true,"href":"https:\/\/radioiep.com\/site\/wp-json\/wp\/v2\/comments?post=2868"}],"version-history":[{"count":94,"href":"https:\/\/radioiep.com\/site\/wp-json\/wp\/v2\/pages\/2868\/revisions"}],"predecessor-version":[{"id":3592,"href":"https:\/\/radioiep.com\/site\/wp-json\/wp\/v2\/pages\/2868\/revisions\/3592"}],"wp:attachment":[{"href":"https:\/\/radioiep.com\/site\/wp-json\/wp\/v2\/media?parent=2868"}],"curies":[{"name":"wp","href":"https:\/\/api.w.org\/{rel}","templated":true}]}}